{"id":71359,"date":"2025-10-12T11:50:43","date_gmt":"2025-10-12T09:50:43","guid":{"rendered":"https:\/\/scheider-tyl.de\/de\/?page_id=71359"},"modified":"2025-11-14T09:54:23","modified_gmt":"2025-11-14T08:54:23","slug":"scheider-tyl-stuckunternehmen-gmbh","status":"publish","type":"page","link":"https:\/\/scheider-tyl.de\/de\/","title":{"rendered":"Scheider &#038; Tyl Stuckunternehmen GmbH"},"content":{"rendered":"<p>[et_pb_section fb_built=&#8220;1&#8243; _builder_version=&#8220;4.27.4&#8243; background_color=&#8220;RGBA(255,255,255,0)&#8220; custom_padding=&#8220;50px||0px||false|false&#8220; border_width_top=&#8220;5vh&#8220; border_color_top=&#8220;#CC5500&#8243; global_colors_info=&#8220;{}&#8220;][et_pb_row use_custom_gutter=&#8220;on&#8220; gutter_width=&#8220;1&#8243; make_equal=&#8220;on&#8220; _builder_version=&#8220;4.27.4&#8243; _dynamic_attributes=&#8220;link_option_url&#8220; width_tablet=&#8220;90%&#8220; width_phone=&#8220;90%&#8220; width_last_edited=&#8220;off|tablet&#8220; max_width=&#8220;80%&#8220; max_width_tablet=&#8220;90%&#8220; max_width_phone=&#8220;90%&#8220; max_width_last_edited=&#8220;off|phone&#8220; custom_padding=&#8220;20px||20px||true|false&#8220; link_option_url=&#8220;@ET-DC@eyJkeW5hbWljIjp0cnVlLCJjb250ZW50IjoicG9zdF9saW5rX3VybF9wYWdlIiwic2V0dGluZ3MiOnsicG9zdF9pZCI6IjcxMzU5In19@&#8220; custom_css_main_element=&#8220;align-items: center;&#8220; global_colors_info=&#8220;{}&#8220;][et_pb_column type=&#8220;4_4&#8243; _builder_version=&#8220;4.16&#8243; global_colors_info=&#8220;{}&#8220;][et_pb_text _builder_version=&#8220;4.27.4&#8243; _module_preset=&#8220;default&#8220; header_2_font=&#8220;|800|||||||&#8220; header_2_text_align=&#8220;center&#8220; header_2_text_color=&#8220;#006400&#8243; header_2_font_size=&#8220;7vh&#8220; global_colors_info=&#8220;{}&#8220;]<\/p>\n<h2>Scheider\u00a0 &amp;\u00a0 Tyl<\/h2>\n<p>[\/et_pb_text][et_pb_text _builder_version=&#8220;4.27.4&#8243; _module_preset=&#8220;default&#8220; header_2_font=&#8220;|800|||||||&#8220; header_2_text_align=&#8220;center&#8220; header_2_text_color=&#8220;#006400&#8243; header_2_font_size=&#8220;7vh&#8220; header_3_font=&#8220;|800|||||||&#8220; header_3_text_align=&#8220;center&#8220; header_3_text_color=&#8220;#006400&#8243; header_3_font_size=&#8220;3vh&#8220; global_colors_info=&#8220;{}&#8220;]<\/p>\n<h3>Stuckunternehmen GmbH<\/h3>\n<p>[\/et_pb_text][\/et_pb_column][\/et_pb_row][et_pb_row column_structure=&#8220;1_2,1_2&#8243; use_custom_gutter=&#8220;on&#8220; gutter_width=&#8220;1&#8243; make_equal=&#8220;on&#8220; disabled_on=&#8220;on|on|on&#8220; _builder_version=&#8220;4.27.4&#8243; width_tablet=&#8220;90%&#8220; width_phone=&#8220;90%&#8220; width_last_edited=&#8220;off|tablet&#8220; max_width=&#8220;80%&#8220; max_width_tablet=&#8220;90%&#8220; max_width_phone=&#8220;90%&#8220; max_width_last_edited=&#8220;off|phone&#8220; custom_padding=&#8220;0px||0px||true|&#8220; custom_css_main_element=&#8220;align-items: center;&#8220; border_width_all=&#8220;2px&#8220; disabled=&#8220;on&#8220; global_colors_info=&#8220;{}&#8220;][et_pb_column type=&#8220;1_2&#8243; _builder_version=&#8220;4.27.4&#8243; _module_preset=&#8220;default&#8220; background_color=&#8220;RGBA(255,255,255,0)&#8220; custom_padding=&#8220;0px||0px||true|false&#8220; global_colors_info=&#8220;{}&#8220;][dsm_card title=&#8220;Borntr\u00e4ger &#8211; Nissan&#8220; image=&#8220;https:\/\/scheider-tyl.de\/de\/wp-content\/uploads\/2025\/10\/Nissan_2020_logo_white.png&#8220; image_background_size=&#8220;contain&#8220; badge_url=&#8220;https:\/\/autohaus-borntraeger.haendler-nissan.de\/&#8220; badge_url_new_window=&#8220;on&#8220; button_url_new_window=&#8220;1&#8243; _builder_version=&#8220;4.27.4&#8243; _module_preset=&#8220;default&#8220; header_font=&#8220;|700||on|||||&#8220; header_text_align=&#8220;center&#8220; header_text_color=&#8220;#FFFFFF&#8220; header_font_size=&#8220;30px&#8220; background_color=&#8220;#6b0303&#8243; custom_padding=&#8220;30px||20px||false|false&#8220; link_option_url=&#8220;https:\/\/autohaus-borntraeger.haendler-nissan.de\/&#8220; link_option_url_new_window=&#8220;on&#8220; global_colors_info=&#8220;{}&#8220;][\/dsm_card][\/et_pb_column][et_pb_column type=&#8220;1_2&#8243; _builder_version=&#8220;4.27.4&#8243; _module_preset=&#8220;default&#8220; global_colors_info=&#8220;{}&#8220;][dsm_card title=&#8220;Borntr\u00e4ger &#8211; Mitsubishi&#8220; image=&#8220;https:\/\/scheider-tyl.de\/de\/wp-content\/uploads\/2025\/10\/Mitsubishi_motors_new_logo_white.png&#8220; image_background_size=&#8220;contain&#8220; badge_url=&#8220;https:\/\/www.mitsubishi-borntraeger.de\/&#8220; badge_url_new_window=&#8220;on&#8220; button_url_new_window=&#8220;1&#8243; _builder_version=&#8220;4.27.4&#8243; _module_preset=&#8220;default&#8220; header_font=&#8220;|700||on|||||&#8220; header_text_align=&#8220;center&#8220; header_text_color=&#8220;#FFFFFF&#8220; header_font_size=&#8220;30px&#8220; background_color=&#8220;#ED0000&#8243; custom_padding=&#8220;30px||20px||false|false&#8220; link_option_url=&#8220;https:\/\/www.mitsubishi-borntraeger.de\/&#8220; link_option_url_new_window=&#8220;on&#8220; global_colors_info=&#8220;{}&#8220;][\/dsm_card][\/et_pb_column][\/et_pb_row][et_pb_row use_custom_gutter=&#8220;on&#8220; gutter_width=&#8220;1&#8243; make_equal=&#8220;on&#8220; _builder_version=&#8220;4.27.4&#8243; background_color=&#8220;#006400&#8243; max_width=&#8220;80%&#8220; custom_padding=&#8220;||||false|false&#8220; border_width_all=&#8220;2px&#8220; border_color_all=&#8220;#006400&#8243; global_colors_info=&#8220;{}&#8220;][et_pb_column type=&#8220;4_4&#8243; _builder_version=&#8220;4.27.4&#8243; custom_padding=&#8220;20px|20px|20px|20px|true|true&#8220; global_colors_info=&#8220;{}&#8220;][et_pb_text _builder_version=&#8220;4.27.4&#8243; _module_preset=&#8220;default&#8220; text_text_color=&#8220;#FFFFFF&#8220; text_font_size=&#8220;18px&#8220; text_line_height=&#8220;1.8em&#8220; header_3_font=&#8220;|600|||||||&#8220; header_3_text_color=&#8220;#FFFFFF&#8220; header_3_font_size=&#8220;24px&#8220; header_3_line_height=&#8220;1.4em&#8220; custom_padding=&#8220;||||false|false&#8220; global_colors_info=&#8220;{}&#8220;]<\/p>\n<h3 style=\"text-align: center;\">Mit 40-j\u00e4hriger Erfahrung bietet Ihnen das Stuckunternehmen<br \/>professionelle Leistungen rund ums Thema Stuck und Verputz.<\/h3>\n<p>[\/et_pb_text][\/et_pb_column][\/et_pb_row][et_pb_row column_structure=&#8220;1_2,1_2&#8243; use_custom_gutter=&#8220;on&#8220; gutter_width=&#8220;1&#8243; make_equal=&#8220;on&#8220; _builder_version=&#8220;4.27.4&#8243; background_color=&#8220;rgba(0,100,0,0.1)&#8220; max_width=&#8220;80%&#8220; custom_padding=&#8220;||||false|false&#8220; border_width_all=&#8220;2px&#8220; border_color_all=&#8220;#006400&#8243; global_colors_info=&#8220;{}&#8220;][et_pb_column type=&#8220;1_2&#8243; _builder_version=&#8220;4.27.4&#8243; custom_padding=&#8220;20px|20px|20px|20px|true|true&#8220; global_colors_info=&#8220;{}&#8220;][et_pb_text _builder_version=&#8220;4.27.4&#8243; _module_preset=&#8220;default&#8220; text_text_color=&#8220;#000000&#8243; text_font_size=&#8220;18px&#8220; text_line_height=&#8220;1.8em&#8220; header_3_font=&#8220;|700|||||||&#8220; header_3_text_color=&#8220;#006400&#8243; header_3_font_size=&#8220;2vh&#8220; header_3_line_height=&#8220;1.4em&#8220; custom_padding=&#8220;||||false|false&#8220; global_colors_info=&#8220;{}&#8220;]<\/p>\n<h3 style=\"text-align: left;\"><strong>Scheider &amp; Tyl: Stuck, Verputz und Malerarbeiten \u2013 Profis f\u00fcr Neubau und Altbausanierung<\/strong><\/h3>\n<p style=\"text-align: left;\">Sie sind auf der Suche nach einem kompetenten, qualitativ hochwertigen und effizienten Stuckateur in Hersbruck? Kontaktieren Sie die Firma Scheider &amp; Tyl und \u00e4u\u00dfern Sie Ihr Anliegen!<\/p>\n<p>[\/et_pb_text][\/et_pb_column][et_pb_column type=&#8220;1_2&#8243; _builder_version=&#8220;4.27.4&#8243; custom_padding=&#8220;20px|20px|20px|20px|true|true&#8220; global_colors_info=&#8220;{}&#8220;][et_pb_text _builder_version=&#8220;4.27.4&#8243; _module_preset=&#8220;default&#8220; text_text_color=&#8220;#000000&#8243; text_font_size=&#8220;18px&#8220; text_line_height=&#8220;1.8em&#8220; header_3_font=&#8220;|700|||||||&#8220; header_3_text_color=&#8220;#006400&#8243; header_3_font_size=&#8220;2vh&#8220; header_3_line_height=&#8220;1.4em&#8220; custom_padding=&#8220;||||false|false&#8220; global_colors_info=&#8220;{}&#8220;]<\/p>\n<h3><strong>Die Leistungen umfassen unter anderem:<\/strong><\/h3>\n<ul>\n<li>Verputzarbeiten jeglicher Art<\/li>\n<li>Mineralische Putze mit langj\u00e4hriger Fachkompetenz<\/li>\n<li>Fassadenrenovierung<\/li>\n<li>Fassadenanstriche<\/li>\n<li>Schimmelbeseitigung<\/li>\n<li>Wandtrockenlegung<\/li>\n<li>Malerarbeiten im Innenbereich<\/li>\n<\/ul>\n<p>Grunds\u00e4tzlich ist das Team in der Lage, s\u00e4mtliche Arbeiten sachgerecht durchzuf\u00fchren. Ob im Innenbereich oder Au\u00dfenbereich .<\/p>\n<p>[\/et_pb_text][\/et_pb_column][\/et_pb_row][et_pb_row use_custom_gutter=&#8220;on&#8220; gutter_width=&#8220;1&#8243; make_equal=&#8220;on&#8220; disabled_on=&#8220;on|on|on&#8220; _builder_version=&#8220;4.27.4&#8243; background_color=&#8220;RGBA(255,255,255,0)&#8220; max_width=&#8220;80%&#8220; custom_margin=&#8220;0px||0px||true|false&#8220; custom_padding=&#8220;0px||0px||true|false&#8220; custom_css_main_element=&#8220;align-items: center;&#8220; border_width_all=&#8220;2px&#8220; disabled=&#8220;on&#8220; global_colors_info=&#8220;{}&#8220;][et_pb_column type=&#8220;4_4&#8243; _builder_version=&#8220;4.16&#8243; global_colors_info=&#8220;{}&#8220;][dsm_image_carousel gallery_ids=&#8220;71423,71422,71424&#8243; centered_slides=&#8220;on&#8220; slide_to_show=&#8220;3&#8243; speed=&#8220;0&#8243; autoplay=&#8220;off&#8220; space_between=&#8220;0&#8243; arrows=&#8220;off&#8220; dots=&#8220;off&#8220; grab=&#8220;off&#8220; show_lightbox=&#8220;on&#8220; _builder_version=&#8220;4.27.4&#8243; _module_preset=&#8220;default&#8220; custom_margin=&#8220;0px||-10px||false|false&#8220; custom_padding=&#8220;0px||0px||true|false&#8220; global_colors_info=&#8220;{}&#8220;][\/dsm_image_carousel][\/et_pb_column][\/et_pb_row][et_pb_row column_structure=&#8220;1_3,1_3,1_3&#8243; make_equal=&#8220;on&#8220; _builder_version=&#8220;4.27.4&#8243; background_color=&#8220;#CC5500&#8243; width_tablet=&#8220;90%&#8220; width_phone=&#8220;90%&#8220; width_last_edited=&#8220;off|tablet&#8220; max_width=&#8220;80%&#8220; max_width_tablet=&#8220;90%&#8220; max_width_phone=&#8220;90%&#8220; max_width_last_edited=&#8220;off|phone&#8220; custom_margin=&#8220;||||false|false&#8220; custom_padding=&#8220;20px||20px||true|false&#8220; custom_css_main_element=&#8220;align-items: center;&#8220; global_colors_info=&#8220;{}&#8220;][et_pb_column type=&#8220;1_3&#8243; _builder_version=&#8220;4.16&#8243; global_colors_info=&#8220;{}&#8220;][et_pb_blurb title=&#8220;Telefon&#8220; use_icon=&#8220;on&#8220; font_icon=&#8220;&#xe090;||divi||400&#8243; icon_color=&#8220;#FFFFFF&#8220; image_icon_width=&#8220;32px&#8220; content_max_width=&#8220;100%&#8220; module_class=&#8220;ai_ignore_all&#8220; _builder_version=&#8220;4.27.4&#8243; _module_preset=&#8220;212b201d-2c34-41bd-936c-851b7357d08b&#8220; header_font=&#8220;|700|||||||&#8220; header_text_color=&#8220;#FFFFFF&#8220; header_font_size=&#8220;18px&#8220; header_line_height=&#8220;1.4em&#8220; body_font=&#8220;|Poppins_weight|||||||&#8220; body_text_color=&#8220;#FFFFFF&#8220; body_font_size=&#8220;16px&#8220; body_line_height=&#8220;1.75em&#8220; body_link_text_color=&#8220;#006d77&#8243; background_mask_style=&#8220;diagonal&#8220; image_icon_custom_margin=&#8220;||||false|false&#8220; image_icon_custom_padding=&#8220;||||false|false&#8220; text_orientation=&#8220;center&#8220; animation=&#8220;off&#8220; header_font_size_tablet=&#8220;15px&#8220; header_font_size_phone=&#8220;13px&#8220; header_font_size_last_edited=&#8220;on|phone&#8220; body_font_size_tablet=&#8220;15px&#8220; body_font_size_phone=&#8220;14px&#8220; body_font_size_last_edited=&#8220;on|desktop&#8220; border_radii_image=&#8220;on|6px|6px|6px|6px&#8220; global_colors_info=&#8220;{}&#8220;]<\/p>\n<p>B\u00fcro: 09151 70424<br \/>Mobil: 0171 7228566<\/p>\n<p>[\/et_pb_blurb][\/et_pb_column][et_pb_column type=&#8220;1_3&#8243; _builder_version=&#8220;4.16&#8243; global_colors_info=&#8220;{}&#8220;][et_pb_blurb title=&#8220;E-Mail&#8220; use_icon=&#8220;on&#8220; font_icon=&#8220;&#xf0e0;||fa||900&#8243; icon_color=&#8220;#FFFFFF&#8220; image_icon_width=&#8220;32px&#8220; content_max_width=&#8220;100%&#8220; module_class=&#8220;ai_ignore_all&#8220; _builder_version=&#8220;4.27.4&#8243; _module_preset=&#8220;212b201d-2c34-41bd-936c-851b7357d08b&#8220; header_font=&#8220;|700|||||||&#8220; header_text_color=&#8220;#FFFFFF&#8220; header_font_size=&#8220;18px&#8220; header_line_height=&#8220;1.4em&#8220; body_font=&#8220;|Poppins_weight|||||||&#8220; body_text_color=&#8220;#FFFFFF&#8220; body_font_size=&#8220;16px&#8220; body_line_height=&#8220;1.75em&#8220; body_link_font=&#8220;|700|||||||&#8220; body_link_text_color=&#8220;#FFFFFF&#8220; background_mask_style=&#8220;diagonal&#8220; image_icon_custom_margin=&#8220;||||false|false&#8220; image_icon_custom_padding=&#8220;||||false|false&#8220; text_orientation=&#8220;center&#8220; animation=&#8220;off&#8220; header_font_size_tablet=&#8220;15px&#8220; header_font_size_phone=&#8220;13px&#8220; header_font_size_last_edited=&#8220;on|phone&#8220; body_font_size_tablet=&#8220;15px&#8220; body_font_size_phone=&#8220;14px&#8220; body_font_size_last_edited=&#8220;on|desktop&#8220; border_radii_image=&#8220;on|6px|6px|6px|6px&#8220; locked=&#8220;off&#8220; global_colors_info=&#8220;{}&#8220;]<\/p>\n<p><a href=\"mailto:%20scheider.tyl.stuck@gmx.de\">scheider.tyl.stuck@gmx.de<\/a><\/p>\n<p>[\/et_pb_blurb][\/et_pb_column][et_pb_column type=&#8220;1_3&#8243; _builder_version=&#8220;4.16&#8243; global_colors_info=&#8220;{}&#8220;][et_pb_blurb title=&#8220;Adresse&#8220; use_icon=&#8220;on&#8220; font_icon=&#8220;&#xf3c5;||fa||900&#8243; icon_color=&#8220;#FFFFFF&#8220; image_icon_width=&#8220;32px&#8220; content_max_width=&#8220;100%&#8220; module_class=&#8220;ai_ignore_all&#8220; _builder_version=&#8220;4.27.4&#8243; _module_preset=&#8220;212b201d-2c34-41bd-936c-851b7357d08b&#8220; header_font=&#8220;|700|||||||&#8220; header_text_color=&#8220;#FFFFFF&#8220; header_font_size=&#8220;18px&#8220; header_line_height=&#8220;1.4em&#8220; body_font=&#8220;|Poppins_weight|||||||&#8220; body_text_color=&#8220;#FFFFFF&#8220; body_font_size=&#8220;16px&#8220; body_line_height=&#8220;1.75em&#8220; body_link_text_color=&#8220;#006d77&#8243; background_mask_style=&#8220;diagonal&#8220; image_icon_custom_margin=&#8220;||||false|false&#8220; image_icon_custom_padding=&#8220;||||false|false&#8220; text_orientation=&#8220;center&#8220; animation=&#8220;off&#8220; header_font_size_tablet=&#8220;15px&#8220; header_font_size_phone=&#8220;13px&#8220; header_font_size_last_edited=&#8220;on|phone&#8220; body_font_size_tablet=&#8220;15px&#8220; body_font_size_phone=&#8220;14px&#8220; body_font_size_last_edited=&#8220;on|desktop&#8220; border_radii_image=&#8220;on|6px|6px|6px|6px&#8220; locked=&#8220;off&#8220; global_colors_info=&#8220;{}&#8220;]<\/p>\n<p>Houbirgstra\u00dfe 11<br \/>91217 Hersbruck<\/p>\n<p>[\/et_pb_blurb][\/et_pb_column][\/et_pb_row][et_pb_row make_equal=&#8220;on&#8220; _builder_version=&#8220;4.27.4&#8243; width=&#8220;60%&#8220; width_tablet=&#8220;90%&#8220; width_phone=&#8220;90%&#8220; width_last_edited=&#8220;off|tablet&#8220; max_width=&#8220;60%&#8220; max_width_tablet=&#8220;90%&#8220; max_width_phone=&#8220;90%&#8220; max_width_last_edited=&#8220;off|phone&#8220; custom_margin=&#8220;0px||0px||true|false&#8220; custom_padding=&#8220;0px||0px||true|false&#8220; custom_css_main_element=&#8220;align-items: center;&#8220; global_colors_info=&#8220;{}&#8220;][et_pb_column type=&#8220;4_4&#8243; _builder_version=&#8220;4.16&#8243; global_colors_info=&#8220;{}&#8220;][\/et_pb_column][\/et_pb_row][et_pb_row column_structure=&#8220;1_3,1_3,1_3&#8243; make_equal=&#8220;on&#8220; _builder_version=&#8220;4.27.4&#8243; width_tablet=&#8220;90%&#8220; width_phone=&#8220;90%&#8220; width_last_edited=&#8220;off|tablet&#8220; max_width=&#8220;80%&#8220; max_width_tablet=&#8220;90%&#8220; max_width_phone=&#8220;90%&#8220; max_width_last_edited=&#8220;off|phone&#8220; custom_margin=&#8220;0px||50px||false|false&#8220; custom_padding=&#8220;0px||0px||false|&#8220; custom_css_main_element=&#8220;align-items: center;&#8220; global_colors_info=&#8220;{}&#8220;][et_pb_column type=&#8220;1_3&#8243; _builder_version=&#8220;4.16&#8243; global_colors_info=&#8220;{}&#8220;][\/et_pb_column][et_pb_column type=&#8220;1_3&#8243; _builder_version=&#8220;4.16&#8243; global_colors_info=&#8220;{}&#8220;][et_pb_text _builder_version=&#8220;4.27.4&#8243; _dynamic_attributes=&#8220;link_option_url&#8220; _module_preset=&#8220;default&#8220; custom_margin=&#8220;0px||0px||true|false&#8220; custom_padding=&#8220;0px||0px||true|false&#8220; link_option_url=&#8220;@ET-DC@eyJkeW5hbWljIjp0cnVlLCJjb250ZW50IjoicG9zdF9saW5rX3VybF9wYWdlIiwic2V0dGluZ3MiOnsicG9zdF9pZCI6IjcxNDA0In19@&#8220; global_colors_info=&#8220;{}&#8220;]<\/p>\n<p style=\"text-align: center;\">Impressum<\/p>\n<p>[\/et_pb_text][et_pb_text _builder_version=&#8220;4.27.4&#8243; _dynamic_attributes=&#8220;link_option_url&#8220; _module_preset=&#8220;default&#8220; custom_margin=&#8220;0px||0px||true|false&#8220; custom_padding=&#8220;0px||0px||true|false&#8220; link_option_url=&#8220;@ET-DC@eyJkeW5hbWljIjp0cnVlLCJjb250ZW50IjoicG9zdF9saW5rX3VybF9wYWdlIiwic2V0dGluZ3MiOnsicG9zdF9pZCI6IjcxNDEzIn19@&#8220; global_colors_info=&#8220;{}&#8220;]<\/p>\n<p style=\"text-align: center;\">Datenschutz<\/p>\n<p>[\/et_pb_text][\/et_pb_column][et_pb_column type=&#8220;1_3&#8243; _builder_version=&#8220;4.16&#8243; global_colors_info=&#8220;{}&#8220;][\/et_pb_column][\/et_pb_row][\/et_pb_section]<\/p>\n","protected":false},"excerpt":{"rendered":"<p>Scheider\u00a0 &amp;\u00a0 TylStuckunternehmen GmbH<div class=\"et_pb_module dsm_card dsm_card_0 et_clickable et_pb_bg_layout_light  dsm_card_layout_stacked\">\n\t\t\t\t\n\t\t\t\t\n\t\t\t\t\n\t\t\t\t\n\t\t\t\t\n\t\t\t\t\n\t\t\t\t<div class=\"et_pb_module_inner\">\n\t\t\t\t\t\n\t\t\t\n\t\t\t<figure class=\"dsm_card_image_wrapper dsm_card_badge_top_right\"><div class=\"dsm_card_image_background dsm_card_img\"><\/div><\/figure>\n\t\t\t<div class=\"et_pb_module dsm_card_wrapper et_pb_text_align_left\">\n\t\t\t\t\t\n\t\t\t\t\t<h4 class=\"dsm_card_title et_pb_module_header\">Borntr\u00e4ger - Nissan<\/h4>\n\t\t\t\t\t\n\t\t\t\t\t\n\t\t\t\t\t\n\t\t\t\t<\/div>\n\t\t\t\n\t\t\t\t<\/div>\n\t\t\t<\/div><div class=\"et_pb_module dsm_card dsm_card_1 et_clickable et_pb_bg_layout_light  dsm_card_layout_stacked\">\n\t\t\t\t\n\t\t\t\t\n\t\t\t\t\n\t\t\t\t\n\t\t\t\t\n\t\t\t\t\n\t\t\t\t<div class=\"et_pb_module_inner\">\n\t\t\t\t\t\n\t\t\t\n\t\t\t<figure class=\"dsm_card_image_wrapper dsm_card_badge_top_right\"><div class=\"dsm_card_image_background dsm_card_img\"><\/div><\/figure>\n\t\t\t<div class=\"et_pb_module dsm_card_wrapper et_pb_text_align_left\">\n\t\t\t\t\t\n\t\t\t\t\t<h4 class=\"dsm_card_title et_pb_module_header\">Borntr\u00e4ger - Mitsubishi<\/h4>\n\t\t\t\t\t\n\t\t\t\t\t\n\t\t\t\t\t\n\t\t\t\t<\/div>\n\t\t\t\n\t\t\t\t<\/div>\n\t\t\t<\/div>Mit 40-j\u00e4hriger Erfahrung bietet Ihnen das Stuckunternehmenprofessionelle Leistungen rund ums Thema Stuck und Verputz.Scheider &amp; Tyl: Stuck, Verputz und Malerarbeiten \u2013 Profis f\u00fcr Neubau und Altbausanierung Sie sind auf der Suche nach einem kompetenten, qualitativ hochwertigen und effizienten Stuckateur in Hersbruck? Kontaktieren Sie die Firma Scheider &amp; Tyl und \u00e4u\u00dfern Sie Ihr Anliegen!Die Leistungen umfassen unter anderem: Verputzarbeiten jeglicher Art Mineralische Putze mit langj\u00e4hriger Fachkompetenz Fassadenrenovierung Fassadenanstriche Schimmelbeseitigung Wandtrockenlegung Malerarbeiten im Innenbereich Grunds\u00e4tzlich ist das Team in der Lage, s\u00e4mtliche Arbeiten sachgerecht durchzuf\u00fchren. Ob im Innenbereich oder Au\u00dfenbereich .<div class=\"et_pb_module dsm_image_carousel dsm_image_carousel_0\">\n\t\t\t\t\n\t\t\t\t\n\t\t\t\t\n\t\t\t\t\n\t\t\t\t\n\t\t\t\t\n\t\t\t\t<div class=\"et_pb_module_inner\">\n\t\t\t\t\t\n\t\t\t\t<\/div>\n\t\t\t<\/div>B\u00fcro: 09151 70424Mobil: 0171 7228566scheider.tyl.stuck@gmx.deHoubirgstra\u00dfe 1191217 HersbruckImpressumDatenschutz<\/p>\n","protected":false},"author":1,"featured_media":0,"parent":0,"menu_order":0,"comment_status":"closed","ping_status":"closed","template":"","meta":{"_et_pb_use_builder":"on","_et_pb_old_content":"","_et_gb_content_width":"","footnotes":""},"class_list":["post-71359","page","type-page","status-publish","hentry"],"yoast_head":"<!-- This site is optimized with the Yoast SEO plugin v26.3 - https:\/\/yoast.com\/wordpress\/plugins\/seo\/ -->\n<title>Scheider &amp; Tyl Stuckunternehmen GmbH - Scheider &amp; Tyl<\/title>\n<meta name=\"description\" content=\"Scheider &amp; Tyl: Stuck, Verputz und Malerarbeiten \u2013 Profis f\u00fcr Neubau und Altbausanierung. Mit 40-j\u00e4hriger Erfahrung bietet Ihnen das Stuckunternehmenprofessionelle Leistungen rund ums Thema Stuck und Verputz.\" \/>\n<meta name=\"robots\" content=\"index, follow, max-snippet:-1, max-image-preview:large, max-video-preview:-1\" \/>\n<link rel=\"canonical\" href=\"https:\/\/scheider-tyl.de\/de\/\" \/>\n<meta property=\"og:locale\" content=\"de_DE\" \/>\n<meta property=\"og:type\" content=\"article\" \/>\n<meta property=\"og:title\" content=\"Scheider &amp; Tyl Stuckunternehmen GmbH - Scheider &amp; Tyl\" \/>\n<meta property=\"og:description\" content=\"Scheider &amp; Tyl: Stuck, Verputz und Malerarbeiten \u2013 Profis f\u00fcr Neubau und Altbausanierung. Mit 40-j\u00e4hriger Erfahrung bietet Ihnen das Stuckunternehmenprofessionelle Leistungen rund ums Thema Stuck und Verputz.\" \/>\n<meta property=\"og:url\" content=\"https:\/\/scheider-tyl.de\/de\/\" \/>\n<meta property=\"og:site_name\" content=\"Scheider &amp; Tyl\" \/>\n<meta property=\"article:modified_time\" content=\"2025-11-14T08:54:23+00:00\" \/>\n<meta name=\"twitter:card\" content=\"summary_large_image\" \/>\n<meta name=\"twitter:label1\" content=\"Gesch\u00e4tzte Lesezeit\" \/>\n\t<meta name=\"twitter:data1\" content=\"1\u00a0Minute\" \/>\n<script type=\"application\/ld+json\" class=\"yoast-schema-graph\">{\"@context\":\"https:\/\/schema.org\",\"@graph\":[{\"@type\":\"WebPage\",\"@id\":\"https:\/\/scheider-tyl.de\/de\/\",\"url\":\"https:\/\/scheider-tyl.de\/de\/\",\"name\":\"Scheider & Tyl Stuckunternehmen GmbH - Scheider &amp; Tyl\",\"isPartOf\":{\"@id\":\"https:\/\/scheider-tyl.de\/de\/#website\"},\"datePublished\":\"2025-10-12T09:50:43+00:00\",\"dateModified\":\"2025-11-14T08:54:23+00:00\",\"description\":\"Scheider & Tyl: Stuck, Verputz und Malerarbeiten \u2013 Profis f\u00fcr Neubau und Altbausanierung. Mit 40-j\u00e4hriger Erfahrung bietet Ihnen das Stuckunternehmenprofessionelle Leistungen rund ums Thema Stuck und Verputz.\",\"breadcrumb\":{\"@id\":\"https:\/\/scheider-tyl.de\/de\/#breadcrumb\"},\"inLanguage\":\"de\",\"potentialAction\":[{\"@type\":\"ReadAction\",\"target\":[\"https:\/\/scheider-tyl.de\/de\/\"]}]},{\"@type\":\"BreadcrumbList\",\"@id\":\"https:\/\/scheider-tyl.de\/de\/#breadcrumb\",\"itemListElement\":[{\"@type\":\"ListItem\",\"position\":1,\"name\":\"Startseite\",\"item\":\"https:\/\/scheider-tyl.de\/de\/\"},{\"@type\":\"ListItem\",\"position\":2,\"name\":\"Scheider &#038; Tyl Stuckunternehmen GmbH\"}]},{\"@type\":\"WebSite\",\"@id\":\"https:\/\/scheider-tyl.de\/de\/#website\",\"url\":\"https:\/\/scheider-tyl.de\/de\/\",\"name\":\"Scheider & Tyl Stuckunternehmen GmbH\",\"description\":\"Stuckunternehmen GmbH\",\"publisher\":{\"@id\":\"https:\/\/scheider-tyl.de\/de\/#organization\"},\"potentialAction\":[{\"@type\":\"SearchAction\",\"target\":{\"@type\":\"EntryPoint\",\"urlTemplate\":\"https:\/\/scheider-tyl.de\/de\/?s={search_term_string}\"},\"query-input\":{\"@type\":\"PropertyValueSpecification\",\"valueRequired\":true,\"valueName\":\"search_term_string\"}}],\"inLanguage\":\"de\"},{\"@type\":\"Organization\",\"@id\":\"https:\/\/scheider-tyl.de\/de\/#organization\",\"name\":\"Scheider & Tyl Stuckunternehmen GmbH\",\"url\":\"https:\/\/scheider-tyl.de\/de\/\",\"logo\":{\"@type\":\"ImageObject\",\"inLanguage\":\"de\",\"@id\":\"https:\/\/scheider-tyl.de\/de\/#\/schema\/logo\/image\/\",\"url\":\"https:\/\/scheider-tyl.de\/de\/wp-content\/uploads\/2025\/10\/Scheider_Tyl_Logo.jpg\",\"contentUrl\":\"https:\/\/scheider-tyl.de\/de\/wp-content\/uploads\/2025\/10\/Scheider_Tyl_Logo.jpg\",\"width\":711,\"height\":172,\"caption\":\"Scheider & Tyl Stuckunternehmen GmbH\"},\"image\":{\"@id\":\"https:\/\/scheider-tyl.de\/de\/#\/schema\/logo\/image\/\"}}]}<\/script>\n<!-- \/ Yoast SEO plugin. -->","yoast_head_json":{"title":"Scheider & Tyl Stuckunternehmen GmbH - Scheider &amp; Tyl","description":"Scheider & Tyl: Stuck, Verputz und Malerarbeiten \u2013 Profis f\u00fcr Neubau und Altbausanierung. Mit 40-j\u00e4hriger Erfahrung bietet Ihnen das Stuckunternehmenprofessionelle Leistungen rund ums Thema Stuck und Verputz.","robots":{"index":"index","follow":"follow","max-snippet":"max-snippet:-1","max-image-preview":"max-image-preview:large","max-video-preview":"max-video-preview:-1"},"canonical":"https:\/\/scheider-tyl.de\/de\/","og_locale":"de_DE","og_type":"article","og_title":"Scheider & Tyl Stuckunternehmen GmbH - Scheider &amp; Tyl","og_description":"Scheider & Tyl: Stuck, Verputz und Malerarbeiten \u2013 Profis f\u00fcr Neubau und Altbausanierung. Mit 40-j\u00e4hriger Erfahrung bietet Ihnen das Stuckunternehmenprofessionelle Leistungen rund ums Thema Stuck und Verputz.","og_url":"https:\/\/scheider-tyl.de\/de\/","og_site_name":"Scheider &amp; Tyl","article_modified_time":"2025-11-14T08:54:23+00:00","twitter_card":"summary_large_image","twitter_misc":{"Gesch\u00e4tzte Lesezeit":"1\u00a0Minute"},"schema":{"@context":"https:\/\/schema.org","@graph":[{"@type":"WebPage","@id":"https:\/\/scheider-tyl.de\/de\/","url":"https:\/\/scheider-tyl.de\/de\/","name":"Scheider & Tyl Stuckunternehmen GmbH - Scheider &amp; Tyl","isPartOf":{"@id":"https:\/\/scheider-tyl.de\/de\/#website"},"datePublished":"2025-10-12T09:50:43+00:00","dateModified":"2025-11-14T08:54:23+00:00","description":"Scheider & Tyl: Stuck, Verputz und Malerarbeiten \u2013 Profis f\u00fcr Neubau und Altbausanierung. Mit 40-j\u00e4hriger Erfahrung bietet Ihnen das Stuckunternehmenprofessionelle Leistungen rund ums Thema Stuck und Verputz.","breadcrumb":{"@id":"https:\/\/scheider-tyl.de\/de\/#breadcrumb"},"inLanguage":"de","potentialAction":[{"@type":"ReadAction","target":["https:\/\/scheider-tyl.de\/de\/"]}]},{"@type":"BreadcrumbList","@id":"https:\/\/scheider-tyl.de\/de\/#breadcrumb","itemListElement":[{"@type":"ListItem","position":1,"name":"Startseite","item":"https:\/\/scheider-tyl.de\/de\/"},{"@type":"ListItem","position":2,"name":"Scheider &#038; Tyl Stuckunternehmen GmbH"}]},{"@type":"WebSite","@id":"https:\/\/scheider-tyl.de\/de\/#website","url":"https:\/\/scheider-tyl.de\/de\/","name":"Scheider & Tyl Stuckunternehmen GmbH","description":"Stuckunternehmen GmbH","publisher":{"@id":"https:\/\/scheider-tyl.de\/de\/#organization"},"potentialAction":[{"@type":"SearchAction","target":{"@type":"EntryPoint","urlTemplate":"https:\/\/scheider-tyl.de\/de\/?s={search_term_string}"},"query-input":{"@type":"PropertyValueSpecification","valueRequired":true,"valueName":"search_term_string"}}],"inLanguage":"de"},{"@type":"Organization","@id":"https:\/\/scheider-tyl.de\/de\/#organization","name":"Scheider & Tyl Stuckunternehmen GmbH","url":"https:\/\/scheider-tyl.de\/de\/","logo":{"@type":"ImageObject","inLanguage":"de","@id":"https:\/\/scheider-tyl.de\/de\/#\/schema\/logo\/image\/","url":"https:\/\/scheider-tyl.de\/de\/wp-content\/uploads\/2025\/10\/Scheider_Tyl_Logo.jpg","contentUrl":"https:\/\/scheider-tyl.de\/de\/wp-content\/uploads\/2025\/10\/Scheider_Tyl_Logo.jpg","width":711,"height":172,"caption":"Scheider & Tyl Stuckunternehmen GmbH"},"image":{"@id":"https:\/\/scheider-tyl.de\/de\/#\/schema\/logo\/image\/"}}]}},"_links":{"self":[{"href":"https:\/\/scheider-tyl.de\/de\/wp-json\/wp\/v2\/pages\/71359","targetHints":{"allow":["GET"]}}],"collection":[{"href":"https:\/\/scheider-tyl.de\/de\/wp-json\/wp\/v2\/pages"}],"about":[{"href":"https:\/\/scheider-tyl.de\/de\/wp-json\/wp\/v2\/types\/page"}],"author":[{"embeddable":true,"href":"https:\/\/scheider-tyl.de\/de\/wp-json\/wp\/v2\/users\/1"}],"replies":[{"embeddable":true,"href":"https:\/\/scheider-tyl.de\/de\/wp-json\/wp\/v2\/comments?post=71359"}],"version-history":[{"count":47,"href":"https:\/\/scheider-tyl.de\/de\/wp-json\/wp\/v2\/pages\/71359\/revisions"}],"predecessor-version":[{"id":71476,"href":"https:\/\/scheider-tyl.de\/de\/wp-json\/wp\/v2\/pages\/71359\/revisions\/71476"}],"wp:attachment":[{"href":"https:\/\/scheider-tyl.de\/de\/wp-json\/wp\/v2\/media?parent=71359"}],"curies":[{"name":"wp","href":"https:\/\/api.w.org\/{rel}","templated":true}]}}